{"id":5,"date":"2014-05-05T10:01:41","date_gmt":"2014-05-05T08:01:41","guid":{"rendered":"https:\/\/www.medienzentrum-wmk.de\/wp-medien\/?page_id=5"},"modified":"2024-01-25T10:51:06","modified_gmt":"2024-01-25T08:51:06","slug":"medienzentrum-werra-meissner-kreis-medien","status":"publish","type":"page","link":"https:\/\/www.medienzentrum-wmk.de\/wp-medien\/","title":{"rendered":"Medienzentrum Werra-Mei\u00dfner-Kreis \u2013 Medien \u2013"},"content":{"rendered":"<p><style type=\"text\/css\">\r\n.postit p {margin:2px 0}\r\n.postit img {position:absolute;top:-30px;right:10px;width:51px;height:47;}\r\n.postit {position:relative;background-color: #b0bcff;width:165px;float: right;padding: 5px;margin: 30px 0 20px 20px;border-radius: 8px;}\r\n.postit .bild-post {position: relative;\r\ndisplay: block;    right: auto;\r\n    top: auto;text-align:center;width:auto;margin: auto;}\r\n<\/style>\r\n<div style=\"width:170px;float:right;margin-left:20px\"><div class=\"postit\"><img decoding=\"async\" src=\"https:\/\/www.medienzentrum-wmk.de\/wp-medien\/wp-content\/uploads\/2014\/05\/paperclip2.png\"><p style=\"text-align: center\"><span style=\"font-size: 10pt\"><strong><a href=\"https:\/\/www.medienzentrum-wmk.de\/wp-medien\/edupool-3-0-start-auf-die-neue-programmversion-am-01-02-2023\/\">Edupool 3.0 \u2013 Start auf die neue Programmversion<br \/>\nam 01.02.2023Neuigkeiten aus dem Edupool<\/a><\/strong><\/span><\/p>\n<p>&nbsp;<\/p>\n<p>&nbsp;<\/p>\n<\/div>\r\n\r\n<div class=\"postit\"><img decoding=\"async\" src=\"https:\/\/www.medienzentrum-wmk.de\/wp-medien\/wp-content\/uploads\/2014\/05\/paperclip2.png\"><p style=\"text-align: left\"><span style=\"font-size: 12pt\"><strong>Anleitungen: <\/strong><\/span><br \/>\n<span style=\"font-size: 8pt\"><strong>-<\/strong><a href=\"https:\/\/www.medienzentrum-wmk.de\/wp-medien\/wp-content\/uploads\/2021\/06\/PW_Vergessen_Edupool.pdf\"> Passwort vergessen Edupool<\/a><\/span><\/p>\n<p style=\"text-align: left\">-<span style=\"font-size: 10pt\"><a href=\"https:\/\/www.medienzentrum-wmk.de\/wp-medien\/wp-content\/uploads\/2020\/11\/Einloggen_Edupool.pdf\">Einloggen bei Edupool<\/a><\/span><\/p>\n<p style=\"text-align: left\"><span style=\"font-size: 10pt\">- <a href=\"https:\/\/www.medienzentrum-wmk.de\/wp-medien\/wp-content\/uploads\/2020\/05\/Jitsi_\u00fcber_Edupool.pdf\">Videokonferenzen \"Jitsi\"<\/a><\/span><\/p>\n<p style=\"text-align: left\"><span style=\"font-size: 10pt\">- <a href=\"https:\/\/www.medienzentrum-wmk.de\/wp-medien\/medienverleih\/\">Antolin und EDU-ID<\/a><\/span><strong><br \/>\n<\/strong><\/p>\n<p>&nbsp;<\/p>\n<p>&nbsp;<\/p>\n<p>&nbsp;<\/p>\n<p>&nbsp;<\/p>\n<\/div>\r\n\r\n<div class=\"postit\"><img decoding=\"async\" src=\"https:\/\/www.medienzentrum-wmk.de\/wp-medien\/wp-content\/uploads\/2014\/05\/paperclip2.png\"><p style=\"text-align: center\">Digitale Unterrichtsmaterialien<br \/>\nfinden Sie hier:<br \/>\n<a href=\"https:\/\/www.medienzentrum-wmk.de\/wp-medien\/wp-content\/uploads\/2020\/03\/Selbstlernmaterialien.pdf\">- Selbstlernmaterialien<\/a><br \/>\n<a href=\"https:\/\/www.medienzentrum-wmk.de\/wp-medien\/wp-content\/uploads\/2020\/03\/Anleitung-Medienlisten-und-EDU-ID.pdf\">- Anleitung Medienliste<\/a><\/p>\n<p>&nbsp;<\/p>\n<p>&nbsp;<\/p>\n<p>&nbsp;<\/p>\n<\/div>\r\n\r\n<div class=\"postit\"><img decoding=\"async\" src=\"https:\/\/www.medienzentrum-wmk.de\/wp-medien\/wp-content\/uploads\/2014\/05\/paperclip2.png\"><p style=\"text-align: center\"><a href=\"https:\/\/www.medienzentrum-wmk.de\/wp-medien\/wp-content\/uploads\/2022\/03\/Anleitung_BBB_edupool.pdf\"><span style=\"font-size: 18pt\">Anleitung BigBlueButton<\/span><\/a><\/p>\n<p>&nbsp;<\/p>\n<p>&nbsp;<\/p>\n<\/div>\r\n\r\n<\/div><\/span><\/p>\n<p>Sie erreichen uns w\u00e4hrend unserer \u00d6ffnungszeiten pers\u00f6nlich bzw. telefonisch und ansonsten per Mail.<br \/>\nTel: 0 56 51 \/ 3 23 46<br \/>\nE-Mail: info(at)medienzentrum-eschwege.de<\/p>\n<p><strong><a href=\"https:\/\/www.medienzentrum-wmk.de\/wp-medien\/nutzungsbedingen\/\">Die Online-Ausleihe bzw. den Medienbestand erreichen Sie hier.<\/a><\/strong><\/p>\n<p>Ihr<\/p>\n<p>Medienzentrum \u2013Medien-<\/p>\n<table style=\"width: 55.55%; padding: 0px; margin: 0px; height: 185px;\" cellspacing=\"0\">\n<tbody>\n<tr style=\"height: 65px;\">\n<td style=\"width: 99.6841%; height: 65px; text-align: center;\" colspan=\"2\"><\/td>\n<\/tr>\n<tr style=\"height: 120px;\">\n<td style=\"width: 57.9779%; height: 120px; text-align: center;\"><span style=\"font-size: 10pt; color: #000000;\"><strong>Montag 08.00 bis 13.30 Uhr<\/strong><\/span><br \/>\n<span style=\"font-size: 10pt; color: #000000;\"><strong>NEU!!!\u00a0 Donnerstag 07.30 bis 13.00 Uhr\u00a0\u00a0 NEU!!!<br \/>\n<\/strong><\/span><span style=\"font-size: 10pt;\"><strong>Weitere Termine nach Absprache m\u00f6glich<\/strong><\/span><\/td>\n<td style=\"width: 41.7062%; height: 120px; text-align: center;\"><span style=\"color: #000080;\"><strong>Online jeder Zeit ge\u00f6ffnet.<br \/>\nHaben Sie noch keinen Online-Zugang?<br \/>\nSchreiben Sie uns eine Mail an <\/strong><a style=\"color: #000080;\" href=\"mailto:info@medienzentrum-eschwege.de\"><strong>info@medienzentrum-eschwege.de<\/strong><\/a><\/span><\/td>\n<\/tr>\n<\/tbody>\n<\/table>\n<p><img decoding=\"async\" style=\"width: 550px;\" src=\"https:\/\/www.medienzentrum-wmk.de\/wp-medien\/wp-content\/uploads\/2014\/05\/front_klein3-1024x353.png\" alt=\"\" \/><\/p>\n<h3 class=\"unterstrich\" style=\"max-width: 550px;\">Kontakt<\/h3>\n<p>Beruflichen Schulen Eschwege<br \/>\nRaum 101, S\u00fcdring 35<br \/>\n37269 Eschwege.<br \/>\nTel: 0 56 51 \/ 3 23 46<br \/>\nFax:0 56 51 \/ 33 92 22<br \/>\nE-Mail: info(at)medienzentrum-eschwege.de<\/p>\n<p><img decoding=\"async\" style=\"width: 550px;\" src=\"https:\/\/www.medienzentrum-wmk.de\/wp-medien\/wp-content\/uploads\/2014\/05\/front_klein2-1024x364.png\" alt=\"\" \/><\/p>\n<div style=\"clear: both;\"><\/div>\n","protected":false},"excerpt":{"rendered":"<p>Sie erreichen uns w\u00e4hrend unserer \u00d6ffnungszeiten pers\u00f6nlich bzw. telefonisch und ansonsten per Mail. Tel: 0 56 51 \/ 3 23 46 E-Mail: info(at)medienzentrum-eschwege.de Die Online-Ausleihe bzw. den Medienbestand erreichen Sie hier. Ihr Medienzentrum \u2013Medien- Montag 08.00 bis 13.30 Uhr NEU!!!\u00a0 Donnerstag 07.30 bis 13.00 Uhr\u00a0\u00a0 NEU!!! Weitere Termine nach Absprache m\u00f6glich Online jeder Zeit ge\u00f6ffnet. [&hellip;]<\/p>\n","protected":false},"author":1,"featured_media":0,"parent":0,"menu_order":0,"comment_status":"closed","ping_status":"open","template":"","meta":{"footnotes":""},"class_list":["post-5","page","type-page","status-publish","hentry","wpautop"],"_links":{"self":[{"href":"https:\/\/www.medienzentrum-wmk.de\/wp-medien\/wp-json\/wp\/v2\/pages\/5","targetHints":{"allow":["GET"]}}],"collection":[{"href":"https:\/\/www.medienzentrum-wmk.de\/wp-medien\/wp-json\/wp\/v2\/pages"}],"about":[{"href":"https:\/\/www.medienzentrum-wmk.de\/wp-medien\/wp-json\/wp\/v2\/types\/page"}],"author":[{"embeddable":true,"href":"https:\/\/www.medienzentrum-wmk.de\/wp-medien\/wp-json\/wp\/v2\/users\/1"}],"replies":[{"embeddable":true,"href":"https:\/\/www.medienzentrum-wmk.de\/wp-medien\/wp-json\/wp\/v2\/comments?post=5"}],"version-history":[{"count":79,"href":"https:\/\/www.medienzentrum-wmk.de\/wp-medien\/wp-json\/wp\/v2\/pages\/5\/revisions"}],"predecessor-version":[{"id":763,"href":"https:\/\/www.medienzentrum-wmk.de\/wp-medien\/wp-json\/wp\/v2\/pages\/5\/revisions\/763"}],"wp:attachment":[{"href":"https:\/\/www.medienzentrum-wmk.de\/wp-medien\/wp-json\/wp\/v2\/media?parent=5"}],"curies":[{"name":"wp","href":"https:\/\/api.w.org\/{rel}","templated":true}]}}